{"id":48,"date":"2023-04-23T01:12:18","date_gmt":"2023-04-23T01:12:18","guid":{"rendered":"https:\/\/miriamhalfim.com.br\/blog\/?page_id=48"},"modified":"2025-12-12T15:15:46","modified_gmt":"2025-12-12T15:15:46","slug":"biografia","status":"publish","type":"page","link":"https:\/\/miriamhalfim.com.br\/blog\/biografia\/","title":{"rendered":"Biografia"},"content":{"rendered":"\n<p>Miriam Halfim, brasileira, casada, advogada, dramaturga,&nbsp; MEMBRO TITULAR DA ACADEMIA CARIOCA DE LETRAS; S\u00f3cia Titular, membro do Pen Club do Brasil; Bolsista da Fulbright, pesquisa William Faulkner, Univ. Mississipi, USA; Gradua\u00e7\u00e3o e Mestrado em Literatura Inglesa &#8211; UFRJ; Direito pela UERJ,&nbsp; CAP &#8211; membro da Comiss\u00e3o de Aprova\u00e7\u00e3o de Projetos da Secretaria de Cultura do Estado &#8211; maio de 2010\/maio 2012; avaliadora externa do Centro Cultural de Justi\u00e7a Federal no edital de artes c\u00eanicas 20121; Diretora do Museu Judaico do Rio de Janeiro. Ex-professora Literatura Inglesa e Americana, UERJ e Faculdade da Cidade; Placa oferecida pela Sociedade E\u00e7a de Queiroz, por servi\u00e7os prestados em prol da Cultura. 23 de agosto de 2019.<\/p>\n\n\n\n<p><strong>PE\u00c7AS ENCENADAS<\/strong><\/p>\n\n\n\n<ol class=\"wp-block-list\">\n<li>&#8216;Maestro Selvagem&#8217; &#8211; CCJF, 4\/10 a 27\/10\/2024. Vida e obra de Carlos Gomes. Quintas e sextas \u00e0s 19 horas, s\u00e1bados e domingos, \u00e0s 18 horas. Sess\u00f5es extras quintas e sextas \u00c0s 16 horas, para escolas e ongs. Dire\u00e7\u00e3o: Ary Coslov. Com Luciano Quirino. Figurino de Samuel Abrantes. Selecionada para circula\u00e7\u00e3o em 2026 para Madureira, Barra Mansa, Campos, Valen\u00e7a e Niter\u00f3i.<\/li>\n<\/ol>\n\n\n\n<p>2. Matar ou Morrer \u2013 Dilermando de Assis e Euclides da Cunha\u2019. Dire\u00e7\u00e3o: Ary Coslov. Com Maria Ad\u00e9lia, Marcelo Aquino e S\u00e1vio Moll. Teatro CCJF, 3 a 27 de agosto. Quinta e sexta-feira \u00e0s 19 horas e s\u00e1bado e domingo \u00e0s 18 horas.&nbsp;Apresenta\u00e7\u00e3o na ABL em 05\/09\/2023, \u00e0s 17 horas. No Teatro Caf\u00e9 Pequeno, parceria com Midrash, a pe\u00e7a foi apresentada nos dias 28\/10, \u00e0s 20 horas e 29 de outubro, \u00e0s 19 horas. A pe\u00e7a se apresentou no Festival de Teatro em Goi\u00e2nia, em 10 de julho de 2024. Foi um sucesso a apresenta\u00e7\u00e3o em Goi\u00e2nia.<\/p>\n\n\n\n<p>3 .&#8217;O homem do planeta Auschwitz&#8217;. Dire\u00e7\u00e3o: Ary Coslov. M\u00e1rio Borges e Suzanna Kruger. Temporada na Casa de Cultura Laura Alvim. 01\/07\/2022 at\u00e9 24\/07\/2022. Sexta, s\u00e1bado, \u00e0s 20 hs e domingo, \u00e0s 19 hs. Indicada a 4 pr\u00eamios Cesgranrio de teatro: texto, ator, luz e cen\u00e1rio. Setembro, a partir do dia 01, nova temporada no Poeirinha, quinta-feira a s\u00e1bado \u00e0s 21 horas e domingo \u00e0s 20 horas.&nbsp;<\/p>\n\n\n\n<p>4.&#8217; Freud e Mahler&#8217;. Dire\u00e7\u00e3o: Ary Coslov. Giuseppe Orist\u00e2nio e Marcelo Escorel. Pre-estreia no Midrash em 10\/09\/2019, 20 horas, 17 e 24\/9. ESTREIA OFICIAL, CCJF EM 10\/11\/2019. 18 ENCENA\u00c7\u00d5ES (17\/18\/10 E 22, \/11 SESS\u00d5ES \u00c0S 17 E 19 H, AT\u00c9 22\/11) E MAIS 5 NO MIDRASH EM 3 (17 E 19 H)\/10 (17 E 19 H) E 17 DE NOVEMBRO (19 H), indicada ao pr\u00eamio CESGRANRIO por melhor texto 2019. Apresentada no canal TV Brasil, em abril\/2020, duas vezes. Durante a Pandemia do novo coronavirus, 2020\/21, a pe\u00e7a foi apresentada graciosamente on-line no site do CCJF e pelo youtube, at\u00e9 dezembro de 2021.<\/p>\n\n\n\n<ol class=\"wp-block-list\">\n<li><\/li>\n<\/ol>\n\n\n\n<p>5. \u2018Meus Duzentos Filhos&#8217;. Dire\u00e7\u00e3o: Ary Coslov. Com Marcelo Aquino. Estreou dia 6\/8\/2018 no festival de teatro do Midrash, seguindo \u00e0s quartas e quintas at\u00e9 fins de setembro. Em outubro continuou \u00e0s quintas-feiras, sempre \u00e0s 20:30. De 17\/8 a 23\/9 fez temporada no Centro de cultural da Justi\u00e7a Federal, de sexta a domingo, \u00e0s 19 horas. Temporada em novembro, teatro Maria Clara Machado, sexta a domingo, 21 horas e 19 horas, respectivamente. Segue no Midrash at\u00e9 13\/12, mesmo hor\u00e1rio. Indicada para o pr\u00eamio CESGRANRIO, categoria melhor texto in\u00e9dito. Indicada para o pr\u00eamio BOTEQUIM CULTURAL, categoria melhor texto in\u00e9dito. 7\/5\/19, \u00e0s 19 h. no Sesc Jacarepagu\u00e1; 28\/6, \u00e0s 19 h. no Sesc Niter\u00f3i. Em 17\/09\/2019, festival de teatro de Niter\u00f3i, teatro popular Oscar Niemeyer, \u00e0s 19 horas. 26\/10\/19, na ARI, Associa\u00e7\u00e3o Israelita Religiosa. Durante a pandemia do novo coronavirus, 2020\/21, a pe\u00e7a foi apresentada graciosamente on-line no festival de teatro do Midrash e no sympla. Julho\/2021, no Teatro Petragold, quintas, \u00e0s 19 horas. Presencial ou pelo Sympla.<\/p>\n\n\n\n<p>6. &#8216;Ana de Ferro&#8217;, patroc\u00ednio Fundarpe, estreou em 29 de agosto, 2017 no Sesc Santo Amaro, no Recife. Seguiu, ap\u00f3s duas semanas, para o espa\u00e7o Fiandeiros, por outras duas semanas. Volta ao SESC &#8211; Santo Amaro em curta temporada, 28 e 29 de abril\/2018. Voltou ao Sesc Santo Amaro em setembro e em outubro foi selecionada para a Mostra Cultural de S\u00e3o Jo\u00e3o dos Guararapes. Ana de Ferro se apresentou no Aldeia Yapoatan em Jaboat\u00e3o dos Guararapes no final de setembro. Nos inscrevemos no edital do Funcultura com Ana de Ferro e vamos fazer o Ita\u00fa cultural. Janeiro dos grandes espet\u00e1culos, Recife, 2023.<\/p>\n\n\n\n<p>7.&#8217;Eug\u00eania&#8217;, patroc\u00ednio Fomento Estado do Rio de Janeiro. Com Gisela de Castro, dirigida por Sidnei Cruz. Temporadas: teatro Planet\u00e1rio, Eva Herz, e Gl\u00e1ucio Gill. Indicada ao pr\u00eamio SHELL, figurino; pr\u00eamio CESGRANRIO, cenografia; BOTEQUIM CULTURAL, melhor atriz e texto. Julho\/2016, temporada teatro S\u00e9rgio Porto. Teatro SESI, apresenta\u00e7\u00e3o a convite &#8211; 31\/8\/2016. Espa\u00e7o Ita\u00fa Cultural, S\u00e3o Paulo, Avenida Paulista 149, 8 de dezembro 2016, 20 horas. Seis temporadas no Rio de Janeiro: teatro do Planet\u00e1rio, Eva Herz, Gl\u00e1ucio Gill, S\u00e9rgio Porto, Espa\u00e7o Furnas, &nbsp;Serrador. Participa da Mostra de Solos no Teatro Serrador dia 5 de agosto. Apresentou-se no Sesi Duque de Caxias no dia do deficiente, com explicador de libra e visual. Ganhou edital para circula\u00e7\u00e3o em Bras\u00edlia e SP em 2018. Em novembro, 2018, apresentou-se em Furnas Cultural, em Minas Gerais. Durante a pandemia do coronavirus, 2020\/21, a pe\u00e7a foi apresentada on-line pela plataforma sympla.&nbsp;<\/p>\n\n\n\n<p>8.&nbsp;&nbsp;&nbsp; &#8216;Senhora de engenho&#8217;, patroc\u00ednio Funcultura, com Companhia de Teatro Popular do Camaragibe; estreou em 18\/05\/2012, no Engenho do Camaragibe, sexta a domingo, 19 horas. At\u00e9 10 de junho. Voltou ao Engenho em setembro\/2012, para mais um m\u00eas de temporada. Participou do festival de teatro de Igarassu, dia 05\/12\/2012, e ap\u00f3s no de Olinda, depois em Serra Talhada. Participou de festival de teatro no Chile, set\/2013, depois no Sesc e&nbsp; volta ao s espet\u00e1culos do Recife, melhor pe\u00e7a por voto popular e indica\u00e7\u00e3o de melhor atriz e melhor ator coadjuvante. Temporada no Recife, no Espa\u00e7o Companhia dos Fiandeiros, julho e agosto\/2014.Em cartaz em 30\/11, no Engenho do Camaragibe, e em 2014, com renovado patroc\u00ednio da Funcultura, Janeiro dos Grandes Espet\u00e1culos. &#8216;Senhora de Engenho&#8217; seguiu carreira em 2015. Em 6 de dez\/2016, apresenta\u00e7\u00e3o no Rio de Janeiro, na Sede das Cias, \u00e0s 20 horas, por edital de circula\u00e7\u00e3o da Fundarpe. Seguiu, ainda, se apresentando em Recife e redondezas em 2017. Projeto escola(uma apresenta\u00e7\u00e3o para escolas de Camaragibe) 03 de outubro, 09 da manh\u00e3\/ter\u00e7a-feira. Em 06 outubro\/sexta-feira, \u00e0s 20 hs, no Solar da Marquesa\/ Largo Varadouro, Olinda-PE, dentro do projeto Outubro OU Nada\/ Mostra de Teatro Alternativo. Em dezembro, dia 11, abriu o projeto Porta Aberta, de Artes C\u00eanicas. 28\/04\/2018, no Sesc Recife. Senhora de Engenho, dias 05 e 07 de fevereiro\/19, no janeiro de grandes espet\u00e1culos. No dia 05 de fevereiro no Casar\u00e3o e dia 07 de fevereiro\/19 no Sesc de S\u00e3o Louren\u00e7o. Curta Temporada &#8211; 13 e 15 Setembro\/2019 &#8211; 19h. .03\/10\/2019, apresenta\u00e7\u00e3o na inaugura\u00e7\u00e3o do cine-teatro Bianor Mendon\u00e7a, em Camaragibe. Festival Festeaguas, S\u00e3o Bernardo Sul, Pernambuco, 2023. Vai virar document\u00e1rio.<\/p>\n\n\n\n<p>9.&nbsp;&nbsp;&nbsp;&nbsp;&nbsp;&nbsp;&nbsp;&nbsp; &#8220;Lar Longe Lar&#8221;, patroc\u00ednio SESI, dire\u00e7\u00e3o de Gilberto Gawronski, estreou 5\/04\/2012, quinta a s\u00e1bado, teatro Sesi Centro RJ, 19:30 horas. Fez nova temporada em nov\/dez\/2012, teatro Solar Botafogo.<\/p>\n\n\n\n<p>10.&nbsp;&nbsp;&nbsp;&nbsp;&nbsp;&nbsp;&nbsp;&nbsp; \u201cEcos da Inquisi\u00e7\u00e3o\u201d com patroc\u00ednio da Eletrobr\u00e1s e dire\u00e7\u00e3o de Moacir Chaves, dezembro de 2009 a fevereiro\/2010, no Centro Cultural da Justi\u00e7a Federal.<\/p>\n\n\n\n<p>11.&#8221;O L\u00edngua-Solta\u201d com Isaac Bernat, 22 de julho de 2009 a fim de setembro de 2009, no CCJF, Centro Cultural de Justi\u00e7a Federal.&nbsp;<\/p>\n\n\n\n<p>12. Fazer o qu\u00ea?\u201d Felipe Wagner e Felipe Cardoso, Teatro das Artes, Shopping da G\u00e1vea, nov e dez\/2006. Sesc Campos, mai\/2003\u201cAntes do P\u00f4r do sol\u201d com Carvalhinho, Teatro Posto 6, mar\/maio 2004.<\/p>\n\n\n\n<p>13. \u201cAgruras Conjugais\u201d grupo Teatro Legal, Teatro do Tribunal de Justi\u00e7a: duas apresenta\u00e7\u00f5es, e Teatro Posto 6, jan\/mar\/ 2003.<\/p>\n\n\n\n<p>14. &#8216;Antes do P\u00f4r do Sol&#8217;, com Carvalhinho. Dire\u00e7\u00e3o: Beto Brown. Teatro Posto 6. 2003.<\/p>\n\n\n\n<p>15. &#8216;Receita Infal\u00edvel&#8217;, de Miriam Halfim e Maria Helena Kh\u00fcner. Teatro Ipanema. Oswaldo Loureiro. 2002.<\/p>\n\n\n\n<p>16. &nbsp;&nbsp;&nbsp;&nbsp;&nbsp; \u201cSex\u00f3latras An\u00f4nimas\u201d&nbsp;Maria Cl\u00e1udia, Teatro Municipal de Teres\u00f3polis, jan\/2001, Casa de Cultura Lauro Alvim, mar\/mai 2001, Sala Para\u00edso (teatro Carlos Gomes) jul\/2001.<\/p>\n\n\n\n<p><strong>PR\u00caMIOS EM CONCURSOS de DRAMATURGIA<\/strong><\/p>\n\n\n\n<ol class=\"wp-block-list\">\n<li>\u2018Carlos Gomes, o maestro da Aboli\u00e7\u00e3o\u2019, ganhou edital do CCJF em 2024 e estreia naquele teatro, com nome de Maestro Selvagem, em 04\/10\/2024, com Luciano Quirino protagonizando o maestro e dirigido por Ary Coslov. <\/li>\n\n\n\n<li>&#8216;\u00c0 sombra de Mois\u00e9s&#8217; &#8211; selecionada no edital CCJF para 2023. O CCJF permitiu a troca do projeto para outro, Matar ou Morrer: Dilermando de Assis e Euclides da Cunha\u2019.<\/li>\n\n\n\n<li>&#8216;Freud e Mahler&#8217;, selecionada para encenar no CCJF, out\/nov 2019. Fez temporada no Midrash Leblon, em seguida.<\/li>\n\n\n\n<li>&#8216;Eug\u00eania&#8217;, circula\u00e7\u00e3o em SP e BH para 2018. SP em 9,10 e 11 de maio. BH em 29,30 de junho, 01\/02\/03 de julho. Temporada no Rio nos teatros Maria Clara Machado, Serrador, S\u00e9rgio Porto, Eva Herz e Furnas, antes da circula\u00e7\u00e3o. <\/li>\n\n\n\n<li>&#8216;Ana de Ferro, rainha dos tanoeiros do Recife&#8217; &#8211; patroc\u00ednio Fundarpe, para encena\u00e7\u00e3o em 2017.<\/li>\n\n\n\n<li>&#8216;Reza Forte&#8217;, Fetaerj 2015 , segundo lugar. Teve leitura dramatizada por grupo de teatro e trof\u00e9u.<\/li>\n\n\n\n<li>&nbsp;&#8216;Ventre Heroico&#8217;, Scrittura della Differenza &#8211; Dramaturgia Feminina &#8211; 2015; entre 104 concorrentes, ficou entre 10 finalistas;<\/li>\n\n\n\n<li>&nbsp;&#8216;Aristides de Souza Mendes &#8211; o her\u00f3i de Bord\u00e9us&#8217;, Pr\u00eamio Companhia de Teatro Portuguesa. Publica\u00e7\u00e3o da pe\u00e7a. 2015.<\/li>\n\n\n\n<li>&#8216;Homens e Vermes&#8217; , Sele\u00e7\u00e3o Brasil em Cena 6a. edi\u00e7\u00e3o &#8211; CCBB&nbsp; 2013. Finalista.<\/li>\n\n\n\n<li>&#8216;Lar Longe Lar&#8217;, Edital Sesi &#8211; 2012.<\/li>\n\n\n\n<li>&#8216;Lar Longe Lar&#8217; Sele\u00e7\u00e3o Brasil em cena &#8211; 4a. Edi\u00e7\u00e3o &#8211; CCBB 2011. Finalista.<\/li>\n\n\n\n<li>10. &#8216;No princ\u00edpio era assim&#8217;. II Pr\u00eamio Ronaldo Frutuoso, encena\u00e7\u00e3o em S\u00e3o Vicente. 2010. Finalista.<\/li>\n\n\n\n<li>&#8216;Ecos da Inquisi\u00e7\u00e3o&#8217;, II Pr\u00eamio luso-brasileiro de Dramaturgia Ant\u00f4nio Jos\u00e9 da Silva (em honra ao padre Antonio Vieira), edi\u00e7\u00e3o 2008. FINALISTA BRASILEIRA (uma de quatro).<\/li>\n\n\n\n<li>&#8216;Uma Coisa Puxa Outra&#8217;.&nbsp; Pr\u00eamios Liter\u00e1rios Cidade de Manaus 2008 \u2013 Teatro Infantil \u2013 men\u00e7\u00e3o honrosa, 2\u00ba lugar.<\/li>\n\n\n\n<li>&#8216;Freud e Mahler&#8217;, Pr\u00eamios Liter\u00e1rios Cidade do Recife 2007\/8 \u2013 para Teatro \u2013 men\u00e7\u00e3o honrosa, 2\u00ba lugar.&nbsp;<\/li>\n\n\n\n<li>&#8216;Uma coisa puxa outra&#8217;, Concurso de dramaturgia do CEPETIN 2007 (Centro de Pesquisa do Teatro Infantil), homenagem \u00e0 Ana Maria Machado;&nbsp; Finalista.<\/li>\n\n\n\n<li>&#8216;Reza Forte&#8217;, Pr\u00eamio Nacional dramaturgia Ruth de Souza 2006 (Secretaria Cultura Estado S\u00e3o Paulo) &#8211; 3\u00ba lugar (primeira suplente)fev\/2005.<\/li>\n\n\n\n<li>&#8216;Senhora de Engenho, entre a Cruz e a&nbsp; Tor\u00e1&#8217;, Pr\u00eamios Liter\u00e1rios Cidade do Recife &#8211; para Teatro &#8211;&nbsp; 1\u00ba lugar, 2004.<\/li>\n\n\n\n<li>&#8216;Ana de Ferro, rainha dos tanoeiros&#8217;, Pr\u00eamios Liter\u00e1rios Cidade do Recife- para Teatro &#8211; 2\u00ba lugar (men\u00e7\u00e3o honrosa), 2004.<\/li>\n\n\n\n<li>&#8216;Bento Teixeira, bardo, judeu de Olinda&#8217;, Pr\u00eamios Liter\u00e1rios Cidade do Recife &#8211; para Teatro \u2013 3\u00ba lugar (men\u00e7\u00e3o honrosa),2003.<\/li>\n\n\n\n<li>&#8216;Empinando Papagaio&#8217;, Pr\u00eamios Liter\u00e1rios Cidade do Recife &#8211; para Teatro,&nbsp; 2 \u00ba lugar (men\u00e7\u00e3o honrosa), 2000.<\/li>\n\n\n\n<li>&#8216;Dos Filhos deste Solo&#8217;, Pr\u00eamio Dramaturgia Secretaria Nacional Antidrogas \u2013 SENAD- Bras\u00edlia,&nbsp; men\u00e7\u00e3o Honrosa, 5\u00ba lugar, 2000. 670 trabalhos concorreram&nbsp; &nbsp;&nbsp;<\/li>\n<\/ol>\n\n\n\n<p><strong>LEITURAS DRAMATIZADAS<\/strong><\/p>\n\n\n\n<ol class=\"wp-block-list\">\n<li>&#8216;A Rel\u00edquia&#8217;, leitura dramatizada com Samile Cunha representando Tit\u00ed, personagem central do romance, no Pen Clube, em 02\/07\/2024.<\/li>\n<\/ol>\n\n\n\n<p>2. O HOMEM DO PLANETA AUSCHWITZ, 29\/5\/2022, 18 horas, na BAUKURS. Dire\u00e7\u00e3o de Ary Coslov, com M\u00e1rio Borges e Simone Krugger.<\/p>\n\n\n\n<p>3.A REL\u00cdQUIA, de E\u00e7a de Queiroz. Leitura dramatizada, Miriam Halfim e performance de Samile Cunha, como Tit\u00ed, no Pal\u00e1cio do Catete, a convite da Academia Internacional de Arte e Cultura.<\/p>\n\n\n\n<p>4. A REL\u00cdQUIA, de E\u00e7a de Queiroz. Leitura dramatizada: Miriam Halfim e a performance de Samile Cunha, como a personagem Tit\u00ed, vestida a car\u00e1ter, no Sal\u00e3o LER, Pier Mau\u00e1, 14\/05\/2022, 11 horas.<\/p>\n\n\n\n<p>5.DREYFUS, , 9\/11\/2021, \u00e0s 20:30 horas.&nbsp; &#8216;Ciclo da Barb\u00e1rie&#8217;, youtube, canal Midrash;&nbsp;<\/p>\n\n\n\n<p>6. OS PROTOCOLOS,16\/11\/2021, youtube, canal Midrash, \u00e0s 20:30 horas, Ciclo da Barb\u00e1rie;<\/p>\n\n\n\n<p>7. O HOMEM DO PLANETA AUSCHWITZ; 23\/11\/2021,\u00e0s 20:30 h,Youtube, canal Midrash, Lembrando&nbsp; a Kristallnacht; com Stela Freitas Prestes e M\u00e1rio Borges, dirigidos por Ary Coslov, Ciclo da Barb\u00e1rie;<\/p>\n\n\n\n<p>8. REDEN\u00c7\u00c3O: EUCLIDES DA CUNHA E DILERMANDO DE ASSIS. ACL 23\/09\/19, 16:30. ANALU PRESTES, MARCELO AQUINO E SERGIO&nbsp;FONTA, tamb\u00e9m dirigindo. Adiada a estreia devido \u00e0 pandemia do&nbsp;coronav\u00edrus.&nbsp;Estreou em 2023, como visto acima.&nbsp;<\/p>\n\n\n\n<p>9.&nbsp; &nbsp; &nbsp;&#8216;POESIA&#8217;,&nbsp; a vida de Marita Vinelli, 17\/6\/19, \u00e0s 16:30 h. Com Gisela de Castro e elenco. Dire\u00e7\u00e3o de Sergio Fonta, acad\u00eamico e confrade.<\/p>\n\n\n\n<p>10.&#8217;Meus 200 Filhos&#8217; &#8211; A vida de Janusz Korczak, no Midrash, com Marcelo de Aquino, dirigido por Ary Coslov, dias 29\/11\/17 e 06\/12\/17, \u00e0s 20 horas.<\/p>\n\n\n\n<p>11.&#8217;Minha Vida por um Palco&#8217;, no Midrash, com \u00c2ngela C\u00e2mara. 21\/11\/2016.<\/p>\n\n\n\n<p>12.&#8217;Reza Forte&#8217;, no CENTRO PASCHOAL CARLOS MAGNO &#8211; Pr\u00eamio Fetaerj, 2016.<\/p>\n\n\n\n<p>13.&#8217;Uma coisa puxa outra&#8217;, na CASA DA LEITURA, Pr\u00eamio Cia. Teatro Contempor\u00e2neo. 2015.<\/p>\n\n\n\n<p>14.&#8217;EINSTEIN&#8217;, de David Bosboom, tradu\u00e7\u00e3o Miriam Halfim. No Midrash, Com Isaac Bernat.<\/p>\n\n\n\n<p>15.&#8217;Tempo de Reden\u00e7\u00e3o&#8217; &#8211; Dilermando de Assis e Euclides da Cunha; na Casa da G\u00e1vea, maio\/2014; dire\u00e7\u00e3o Fernando Philbert. Com Simone Mazzer.<\/p>\n\n\n\n<p>16.&#8217;RUFI\u00d5ES E POLACAS&#8217;, 09\/04\/2014, no Midrash. dire\u00e7\u00e3o isaac Bernat. com Isio Ghelman, soraya Ravenle, Renata Mizrahi, Isaac Bernat e Rubens Camelo.<\/p>\n\n\n\n<p>17.&#8217;AMOR(QUASE) ESQUECIDO &#8211; D.JO\u00c3O VI E EUGENIA&#8217;, no Midrash, 21\/11\/2013, 20:30 HORAS, DIRE\u00c7\u00c3O SIDNEI CRUZ, COM GISELA DE CASTRO.<\/p>\n\n\n\n<p>18.&#8217;HOMENS E VERMES&#8217;, CCBB, sele\u00e7\u00e3o Brasil em Cena 2013. Rio, lido em 14\/09\/2013; em Bras\u00edlia, em 28\/09\/2013.&nbsp;<\/p>\n\n\n\n<p>19.&#8217;MEUS 200 FILHOS: A VIDA DE JANUSZ KORCZAK&#8217; , no Midrash, 06\/05\/203, \u00c0S 20:30 HS. PEDRO KOSOVSKI DIRIGE RICARDO KOSOVSKI.<\/p>\n\n\n\n<p>20.&#8217;MINHA VIDA POR UM PALCO &#8211; tributo \u00e0 Berta Loran&#8217; no Museu Judaico Rio de Janeiro- com Berta Loran. 31\/07\/2012, 17 horas.<\/p>\n\n\n\n<p>21.&#8217;AMOR ASSIM T\u00c3O GRANDE&#8217;, no Midrash, um amor que o tempo n\u00e3o conseguiu abalar. Grupo Poeira de Teatro, dire\u00e7\u00e3o Fernando Philbert. 20\/06\/2012.<\/p>\n\n\n\n<p>22.\u2018EMPINANDO PAPAGAIO\u2019, uma f\u00e1bula sobre meninos de rua. Na Casa da G\u00e1vea, Grupo Poeira de teatro, dirigido por Fenando Philbert. 7\/5\/2012.<\/p>\n\n\n\n<p>23. &#8216;Freud e Mahler&#8217; &#8211; o c\u00e9lebre encontro entre os dois g\u00eanios. No Midrash, Com Herson Capri e Isaac Bernat. Dire\u00e7\u00e3o Ricardo Kososvski. 6\/9\/2011.<\/p>\n\n\n\n<p>24.&nbsp; &#8216;LAR, LONGE LAR&#8217; &#8211; no CCBB; saga de uma fam\u00edlia judia em fuga do nazismo, a pe\u00e7a n\u00e3o abandona o humor judaico. Dirigida por Gilberto Gawronski. 13\/08\/2011. 18 hs.<\/p>\n\n\n\n<p>25.&#8217;DEPOIS DO EDEN&#8217;, 26\/07\/2011, 20 horas, no Ni\u00f1o do Eden. Gina Teixeira, Thais Baloni e Angelo de Matos.<\/p>\n\n\n\n<p>26.&#8217;O L\u00cdNGUA-SOLTA&#8217;.&nbsp; a vida do primeiro poeta do Brasil, Bento Teixeira; no Midrash. 01\/08\/2010.<\/p>\n\n\n\n<p>27.&#8217;ANA DE FERRO&#8217; &#8211; Casa da G\u00e1vea, grupo Alf\u00e2ndega 88 &#8211; dirigido por Moacir Chaves. 17\/05\/2010.<\/p>\n\n\n\n<p>28.&#8217;DEPOIS DO EDEN&#8217;, na Casa da G\u00e1vea, uma com\u00e9dia sobre evolu\u00e7\u00e3o homoafetiva feminina atrav\u00e9s dos tempos. Dire\u00e7\u00e3o: Maria Helena K\u00fchner. Elenco: Maria Pompeu, Angelo de Matos, Renata Terrana, e outros. 6\/6\/2011.21 HORAS<\/p>\n\n\n\n<p>29. &#8216;AMOR ASSIM T\u00c3O GRANDE&#8217;, na Hebraica &#8211; Mariana Guimar\u00e3es, Gilberto Marmoroch, Clarita Paskin e elenco. dire\u00e7\u00e3o Jane Celeste Guberfain. Maio\/2010.<\/p>\n\n\n\n<p>30. \u201cTERAPIA CONJUGAL JUDAICA\u201d, no Pen Clube, em 28\/maio\/08, por Isaac Bernat.<\/p>\n\n\n\n<p>31. \u201cAUTO DO POETA JUDEU DE OLINDA\u201d, na Casa da G\u00e1vea, em&nbsp; 23\/jul\/2007 por Isaac Bernat.<\/p>\n\n\n\n<p>32. \u201cAUTO DO POETA JUDEU DE OLINDA\u201d. biblioteca Bialik. Isaac Bernat leu e dirigiu em mai\/2007.<\/p>\n\n\n\n<p>33.\u201cSENHORA DE ENGENHO, ENTRE A CRUZ E A TOR\u00c1\u201d, no Hillel, grupo de jovens dirigidos por Renata Mizrahi.<\/p>\n\n\n\n<p>34.&#8221;BALADA DO JUDEU MALANDRO&#8221;, na Casa da G\u00e1vea, com Louise Cardoso, Marcelo Escorel e elenco. Dire\u00e7\u00e3o L\u00edgia Ferreira. 2005.<\/p>\n\n\n\n<p>35.&#8217;FAZER O QU\u00ca? A VIDA EM ARCO-\u00cdRIS&#8217; &#8211; Luis Magnelli e Milton Correa e Castro. na Casa da G\u00e1vea, em 2004.<\/p>\n\n\n\n<p>36&#8243;AGRURAS CONJUGAIS&#8221;, Grupo Teatro Legal. Na Casa da G\u00e1vea. Dire\u00e7\u00e3o Beto Brown. 2002.<\/p>\n\n\n\n<p>37.\u201cDOS FILHOS DESTE POVO\u201d, na Casa da G\u00e1vea, com Cristina Pereira e elenco. Dire\u00e7\u00e3o Beto Brown. 2001.<\/p>\n\n\n\n<p>38.\u201cSEX\u00d3LATRAS AN\u00d4NIMAS\u201d. Casa da G\u00e1vea. Maria Cl\u00e1udia. Dire\u00e7\u00e3o Luiz Calos Maciel. 2000;<\/p>\n\n\n\n<p>39.\u201cAGRURAS CONJUGAIS\u201d, na Hebraica-Rio. Berta Loran (tia da autora) e elenco. Dire\u00e7\u00e3o: JO\u00c3O BETHENCOURT. 1999.<\/p>\n\n\n\n<p><strong>PE\u00c7AS IN\u00c9DITAS &#8211;&nbsp;<\/strong><\/p>\n\n\n\n<p>&#8216;A heran\u00e7a de Lilith&#8217;,&nbsp; &nbsp;&#8216;\u00c0 sombra de Mosh\u00e9&#8217;, &#8216;A Teia&#8217;,&nbsp; Akiva&#8217;,&nbsp; &nbsp;&#8216;Amor assim t\u00e3o grande&#8217; teve 3 leituras,&nbsp; &#8216;Amor Especial&#8217;, &#8216;Aos ouvidos de Deus &#8211; Maim\u00f4nides&nbsp; &nbsp;e&nbsp; &nbsp; Saladino&#8217;,&nbsp; &#8216;Aqualtune- ventre heroico&#8217;,&nbsp; &#8216;Aristides Souza Mendes &#8211; premiada em Portugal, leitura e publicada&#8217;, &#8216;Bom dia Shangai&#8217;,&nbsp; &#8216;Brincando no c\u00e9u &#8211; infantil&#8217;,&nbsp; &#8216;Carmem do Jongo&#8217;, &#8216;Cumplicidades&#8217;,&nbsp; &#8216;Depois do \u00c9den&#8217; teve leitura,&nbsp; &#8216;Destino Severino&#8217;, \u2018&#8217;Dos Filhos deste Solo&#8217;&nbsp; teve leitura&#8217;, &#8216;Dreyfus&#8217; teve leitura Midrash,&nbsp;&nbsp;&#8216;Einstein &#8211; tradu\u00e7\u00e3o a pedido do autor em Ingl\u00eas e leitura&#8217;, &#8216;Em nome do Sexo&#8217;,&nbsp; &#8216;Empinando Papagaio&#8217; teve leitura,&nbsp; &nbsp;&#8216;Eternamente Mahler&#8217;, &#8216;Funeral e Tanto&#8217;,&nbsp; &#8216;Hei de ser Papa&#8217;,&nbsp; &#8216;Homens e Vermes&#8217; &#8211; finalista CCBB, leitura, &#8216;Inspira\u00e7\u00e3o&#8217;,&nbsp; &#8216;Jo\u00e3o Nunes, capitalista Quinhentista&#8217;,&nbsp; &nbsp;&#8216;La Miss&#8217;,&nbsp; &#8216;Leopoldina, Imperatriz do Brasil&#8217;,&nbsp; &#8216;Minha Vida por um Palco &#8211; Berta Loran, teve leitura&#8217;,&nbsp; &#8216;No princ\u00edpio era assim&#8217;,&nbsp; &#8216;Nobel&#8217;,&nbsp; &#8216;O Ap\u00f3stolo dos Marranos&#8217;,&nbsp; &#8216;O Quinto Mandamento&#8217;,&nbsp; &#8216;Os Protocolos (dos s\u00e1bios de Si\u00e3o)&#8217; leitura Midrash,&nbsp; &#8216;Papos de Pinto&#8217;,&nbsp; &#8216;Poesia&#8217; teve leitura na ACL, &#8216;Reza Forte&#8217; teve leitura Fetaerj (2o. lugar), &#8216;Rufi\u00f5es e Polacas&#8217; &#8211; leitura,&nbsp; &#8216;Traduzinho Hanna &#8211;&nbsp; adapta\u00e7\u00e3o a pedido do romancista&#8217;,&nbsp; &#8216;Uma coisa puxa outra &#8211; infantil&#8217;, &#8216;Ventre Heroico&#8217;, &#8216;Yentl&#8217; &#8211; adapta\u00e7\u00e3o a pedido de cantora, &#8216;\u00c0 sombra de Mois\u00e9s&#8217;, &#8216;E\u00e7a de Queiroz&#8217;.&nbsp;<\/p>\n\n\n\n<p><strong>PR\u00caMIOS EM CONTOS<\/strong><\/p>\n\n\n\n<p>&#8216;Sonho Severino&#8217;, CONCURSO DE CONTOS JOS\u00c9 C\u00c2NDIDO DE CARVALHO &#8211; finalista, 2014.<\/p>\n\n\n\n<p>&#8216;Encontro marcado com o passado&#8217;. PR\u00caMIO MACHADO DE ASSIS PARA CONTOS &#8211; DF &#8211; 2014 &#8211; finalista. Publicado em antologia depois.<\/p>\n\n\n\n<p>&#8216;Daniel e Julinha brincando no c\u00e9u&#8217;, PR\u00caMIO MONTEIRO LOBATO PARA CONTOS INFANTIS SESC-DF 2008 \u2013 finalista.<\/p>\n\n\n\n<p>&#8216;M\u00e3e de Pedra&#8217;; CONTOS DE NITER\u00d3I &#8211; publicado em antologia.<\/p>\n\n\n\n<p>&#8216;Mam\u00e3e e Mam\u00e3e&#8217;. OLHARES DIVERSOS, publicado em antologia.<\/p>\n\n\n\n<p>&#8216;Loucos por Copacabana&#8217;. CONTOS DO RIO I, Jornal O Globo ; terceiro lugar entre 4000. Publicado em antologia.<\/p>\n\n\n\n<p>&#8216;Dos Quatro Cantos&#8217;. OFICINA DO AUTOR \u2013 Bras\u00edlia \u2013 livro de contos;&nbsp; men\u00e7\u00e3o honrosa, 2001. In\u00e9dito.<\/p>\n\n\n\n<p><strong>LIVROS PUBLICADOS<\/strong><\/p>\n\n\n\n<p>&#8216;EUG\u00caNIA&#8221;, S\u00e3o Paulo, Ed. Kazu\u00e1, 2016. Lan\u00e7amento na Casa da Leitura, junho\/2016.<\/p>\n\n\n\n<p>&#8216;O L\u00cdNGUA-SOLTA&#8217; Rio de Janeiro, Ed. Reptil, 2009.<\/p>\n\n\n\n<p>&#8216;SENHORA DE ENGENHO, ENTRE A CRUZ E A TOR\u00c1&#8217;. Recife, Funda\u00e7\u00e3o Recife de Cultura, 2005. Teatro<\/p>\n\n\n\n<p>PR\u00caMIO SESC-DF CONTOS &#8211; MACHADO DE ASSIS. Sesc Bras\u00edlia, 2015, antologia. &#8216;Encontro Marcado com o Passado&#8217;<\/p>\n\n\n\n<p>CONTOS DO RIO I, Rio Janeiro, ed. Bom Texto, 2005. Antologia, 40 contos. &#8216;Loucos por Copacabana&#8217;.<\/p>\n\n\n\n<p>CONTOS DE NITER\u00d3I, antologia. &#8216;M\u00e3e de Pedra&#8217;. 2008.<\/p>\n\n\n\n<p>OLHARES DIVERSOS, antologia. &#8216;Mam\u00e3e e Mam\u00e3e&#8217;. 2009.<\/p>\n\n\n\n<p>O JUDEU EM CHAUCER, MARLOWE E SHAKESPEARE, Rio, Civiliza\u00e7\u00e3o Brasileira, 1984. Ensaio.<\/p>\n\n\n\n<p><strong>ENSAIOS PUBLICADOS EM JORNAIS E LIVROS:<\/strong><\/p>\n\n\n\n<p>1) CYRO DOS ANJOS;<\/p>\n\n\n\n<p>2) DANTE MILANO;<\/p>\n\n\n\n<p>3) FERNANDO SABINO;<\/p>\n\n\n\n<p>4) M\u00c1RIO DA SILVA BRITO, todos no \u201cSuplemento Liter\u00e1rio do Minas Gerais\u201d;<\/p>\n\n\n\n<p>5) WILLIAM FAULKNER (em l\u00edngua inglesa) Revista de Estudos Anglo americanos;<\/p>\n\n\n\n<p>6) MULHERES NA B\u00cdBLIA, Revista Menorah, 2\u00ba lugar em pr\u00eamio internacional.<\/p>\n\n\n\n<p>7)\u2018TRADUZINDO HANNAH\u2019, resenha, livro de Ronaldo Wrobel, um dos 10 finalistas ao Pr\u00eamio S\u00e3o Paulo de Literatura 2011, dezembro de 2011. N\u00facleo Interdisciplinar de estudos Judaicos \u2013 NIEJ, revista eletr\u00f4nica editada pelo Programa de P\u00f3s-Gradua\u00e7\u00e3o da UFRJ.<\/p>\n\n\n\n<p>8) \u2018THE TREATMENT OF JEWS IN SOME OF FAULKNER&#8217;S NOVELS AND SHORT STORIES&#8217;, Ed. Abrapui, 1988, artigo em ingl\u00eas na Revista de Estudos Anglo-Americanos.<\/p>\n\n\n\n<p>9) O TEATRO CARIOCA DE MARTINS PENA, Revista da Academia Carioca de Letras, junho\/2013.<\/p>\n\n\n\n<p>10) BERTA LORAN &#8211; 90 ANOS DE HUMOR &#8211; Revista da Academia Carioca de Letras, junho\/2016.<\/p>\n\n\n\n<p>11) PASCHOAL CARLOS MAGNO, O mecenas das Artes &#8211; Revista da Academia Carioca de Letras, nov\/2016.<\/p>\n\n\n\n<p>12) &#8216;MARIA CLARA MACHADO, um Farol na Literatura&#8217; &#8211; Revista da Academia Carioca de Letras, dez\/ 2017<\/p>\n\n\n\n<p>13) &#8216;A QUEST\u00c3O JUDAICA&#8217; &#8211; Revista CONIB &#8211; Junho\/2018.<\/p>\n\n\n\n<p><strong>CONTOS PUBLICADOS:<\/strong><\/p>\n\n\n\n<p>&#8216;ENCONTRO MARCADO COM O PASSADO&#8217;, pr\u00eamio Sesc-DF. Antologia. 2015.<\/p>\n\n\n\n<p>\u201cLOUCOS POR COPACABANA\u201d, publicado no jornal O Globo, abr\/2004. Terceiro lugar entre 4000 concorrentes, concurso Contos do Rio. Depois em antologia.<\/p>\n\n\n\n<p>OLHARES DIVERSOS, antologia. &#8216;Mam\u00e3e e Mam\u00e3e&#8217;. 2009.<\/p>\n\n\n\n<p>\u201cM\u00c3E DE PEDRA\u201d, em antologia, Contos de Niter\u00f3i.<\/p>\n\n\n\n<p>&#8220;RECEITA CASEIRA DE JUDA\u00cdSMO&#8221;, revista Corrente, da Wizo.<\/p>\n\n\n\n<p>\u201cSINFONIA AMOROSA\u201d, Revista Brasiliense.<\/p>\n\n\n\n<p><strong>CURSOS:<\/strong><\/p>\n\n\n\n<p>SBAT \u2013 Jo\u00e3o Bethencourt e Z\u00e9 Renato P\u00e9cora,1996\/1999. Jo\u00e3o Bethencourt, mestre e amigo, seguiu revisando todos os textos da autora at\u00e9 seu falecimento, em dezembro de 2006.<\/p>\n\n\n\n<p>NOVA DRAMATURGIA \u2013 coordena\u00e7\u00e3o Roberto Alvim, Luciana Borghi e Alkaparra Produ\u00e7\u00f5es sala Para\u00edso Teatro Carlos Gomes, 2004.<\/p>\n\n\n\n<p><strong>TV GLOBO:<\/strong><\/p>\n\n\n\n<p>OFICINA DE AUTOR-ROTEIRISTA DA TV GLOBO. 02\/2\/98- 15\/6\/98. Selecionada entre 700 trabalhos.<\/p>\n\n\n\n<p>RETRATO FALADO \u2013 texto escolhido e roteirizado, com Denise Fraga. Tem reprise constante no canal VIVA.<\/p>\n\n\n\n<p>WORKSHOP sobre Controle de qualidade<\/p>\n\n\n\n<p>ENTREVISTA para Globo News Literatura, sobre William Shakespeare, 22\/04\/16.<\/p>\n\n\n\n<p>PALESTRA sobre &#8216;A TEMPESTADE&#8217;, de William Shakespeare, para atores e diretores no PROJAC, a convite do diretor Ary Coslov, 17\/05\/16.<\/p>\n\n\n\n<p><strong>PALESTRAS, ENTREVISTAS E CURSOS MINISTRADOS<\/strong><\/p>\n\n\n\n<p>ABRAMES, ACADEMIA BRASILEIRA D M\u00c9DICOS ESCRITORES -, Museu do Ex\u00e9rcito, palestra DOSES DE DRAMA, em 14\/11\/2025.<\/p>\n\n\n\n<p>COL\u00c9GIO ESTADUAL PEDRO \u00c1LVARES CABRAL &#8211; &#8216;BRAVA GENTE BRASILEIRA&#8217; &#8211; HOMENAGEM AOS SOLDADOS CIDAD\u00c3OS DA SEGUNDA GRANDE GUERRA: MIRIAM HALFIM, SAMILE CUNHA\/SAMUEL ABRANTES, 16\/9\/2025, 11 HORAS.<\/p>\n\n\n\n<p>PEN CLUBE &#8211; &#8216;BRAVA GENTE BRASILEIRA&#8217; &#8211; HOMENAGEM AOS SOLDADOS CIDAD\u00c3OS DA SEGUNDA GRANDE GUERRA: MIRIAM HALFIM, SAMILE CUNHA\/SAMUEL ABRANTES, VINICIUS ECO E ANDR\u00c9 SEEVERIANO. DIA 18\/8, 17 HORAS.<\/p>\n\n\n\n<p>ARI &#8211; fala sobre livro <strong>A Hist\u00f3ria dos Judeus de Pernambuco,<\/strong> de Jacques Ribemboim, especificamente sobre Branca Dias, Beto Teixeira e a Inquisi\u00e7\u00e3o. Com Diane Kuperman e o pr\u00f3prio autor, em 11\/05\/2025.<\/p>\n\n\n\n<p>EXPOSI\u00c7\u00c3O 80 ANOS DEPOIS DA SEGUNDA GRANDE GUERRA  (MUSEU DO EX\u00c9RCITO &#8211; FORTE COPACABANA) . Dramatiza\u00e7\u00e3o BRAVA GENTE BRASILEIRA, de Miriam Halfim, com Samile Cunha &lt; Vinicius Eco e Andr\u00e9 Severiano. Dia 13\/05\/2025.<\/p>\n\n\n\n<p>\u00c9 DESSE JEITO &#8211; programa com a jornalista Elizabeth Camar\u00e3o, entrevista on line ao vivo. Miriam Halfim, Sergio Fonta e Paulo Roberto Pereira. Dia 29\/11\/24.<\/p>\n\n\n\n<p>MEMORIAL \u00c0S V\u00cdTIMAS DO HOLOCAUSTO &#8211; cine debate sobre Branca Dias, antissemitismo e a A Noite dos Cristais. Mediadora Sofia D\u00e9bora Levy. Convidadas, Ver\u00f4nica Ara\u00fajo, cineasta e Miriam Halfim, autora da pe\u00e7a sobre Branca Dias. 10\/11\/2024.<\/p>\n\n\n\n<p>ABRAMES &#8211; M\u00c9DICOS ESCRITORES &#8211; jurada do concurso em set\/2024.<\/p>\n\n\n\n<p>TEATRO EM TEXTO &#8211; &#8216;live&#8217; dirigida por Muna Omran, sobre Senhora de engenho, entre  a Cruz e a Tor\u00e1, centrada na figura de Branca Dias, protagonista da pe\u00e7a.<\/p>\n\n\n\n<p>PEN CLUBE DO BRASIL &#8211; Leitura dramatizada adaptada por Miriam Halfim de A Rel\u00edquia, de E\u00e7a de Queiroz. adapta\u00e7\u00e3o com Samuel Abrantes\/ Samile Cunha, PhD em Semi\u00f3tica pela UFRJ, que trouxe TiT\u00ed ao vivo, personagem magistral do referido livro; 8\/7\/2024, 17 horas.<\/p>\n\n\n\n<p>REVISTA PO\u00c9TICA BRASILEIRA \u2013 Entrevista para Renata Barcellos sobre \u2018<strong>Direitos Humanos e os Judeus\u2019<\/strong>, publicada pela passagem do Dia da Mulher, mar\u00e7o de 2024.<\/p>\n\n\n\n<p>ASA\/MUSEUJUDAICO<strong> \u2013 <\/strong>Semin\u00e1rio Autores Judeus. Palestra e power-point sobre \u2018<strong>Mulheres Na Inquisi\u00e7\u00e3o\u2019. <\/strong>12\/11\/2023.<\/p>\n\n\n\n<p>CCJF \u2013 7\/3\/2023 \u2013Semin\u00e1rio <strong>Mulheres, Cultura e Poder<\/strong>.<\/p>\n\n\n\n<p>Entrevista r\u00e1dio para Renata Barcellos. 21\/4\/2023<\/p>\n\n\n\n<p>ONG NO PALCO DA VIDA \u2013 convidada para <strong>Papo de Mestre<\/strong>. 10\/6\/2023.<\/p>\n\n\n\n<p>R\u00c1DIO ROQUETE PINTO \u2013 Entrevista sobre a pe\u00e7a <strong>Matar ou Morrer: Dilermando de Assis e Euclides da Cunha<\/strong>. 31\/7\/2023.<\/p>\n\n\n\n<p>ASA &#8211; Associa\u00e7\u00e3o Scholem Aleichem \u2013 mesa-redonda sobre <strong>Janusz Korczak<\/strong>&nbsp;nos 80 anos de sua morte, ao lado de Sofia D\u00e9bora Levy. 10\/11\/2022.<\/p>\n\n\n\n<p>COL\u00c9GIO ESTADUAL PEDRO \u00c1LVARES CABRAL &#8211; &#8216;A REL\u00cdQUIA&#8217;, de E\u00e7a de Queiroz, apresenta\u00e7\u00e3o com Samile Cunha, set\/2022.<\/p>\n\n\n\n<p>&#8216;LIVE&#8217; SOBRE &#8216;O HOMEM DO PLANETA AUSCHWITZ&#8217;, COM ARY COSLOV, NA LIVE SEGUNDAS INTEN\u00c7\u00d5ES DE 29\/08\/2022. DIRIGIDO POR MOYSES FUKS.<\/p>\n\n\n\n<p>ACADEMIA INTERNACIONAL DE ARTE E CULTURA &#8211; apresenta\u00e7\u00e3o de &#8216;A REL\u00cdQUIA&#8217;, de E\u00e7a de Queiroz, com Samile Cunha, no Pal\u00e1cio do Catete, agosto\/2022.<\/p>\n\n\n\n<p>F\u00d3RUM DE EDUCA\u00c7\u00c3O &#8211; SAL\u00c3O LER &#8211; PIER MAU\u00c1 &#8211; 14\/05\/2022. PALESTRA SOBRE A REL\u00cdQUIA, DE E\u00c7A DE QUEIROZ, COM PERFORMANCE DE SAMILE CUNHA, COMO TIT\u00cd, PATROC\u00cdNIO DAS NEVES.&nbsp;<\/p>\n\n\n\n<p>F\u00d3RUM DE EDUCA\u00c7\u00c3O &#8211; BIBLIOTECA PARQUE &#8211; PALESTRA SOBRE CLARICE LISPECTOR COM DEBATE. 28\/11\/219, 11 HORAS.<\/p>\n\n\n\n<p>F\u00d3RUM DE EDUCA\u00c7\u00c3O &#8211; BIBLIOTECA PARQUE &#8211; PALESTRA SOBRE CLARICE LISPECTOR COM DEBATE, 28\/11\/2019, 15:40 HORAS.<\/p>\n\n\n\n<p>PROJETO LER &#8211; BIBLIOTECA PARQUE &#8211; CONVERSA SOBRE CLARICE LISPECTOR. ANA ARRUDA CALLADO COMPARTILHOU A CONVERSA. 22\/11\/2019<\/p>\n\n\n\n<p>PROJETO LER \u2013 CONVERSA SOBRE \u2018MEM\u00d3RIAS DE UM SARGENTO DE MIL\u00cdCIAS\u2019, de MANUEL ANTONIO DE ALMEIDA. 20\/11\/2018.<\/p>\n\n\n\n<p>BENTO TEIXEIRA, PRIMEIRO POETA DO BRASIL &#8211; INSTITUTO BRASILEIRO DE CULTURAS INTERNACIONAIS &#8211; 21\/03\/2019, 17:00 H. PALESTRA FOI SEGUIDA DE SAMILE CUNHA, MOSTRANDO O TRAJE SAMBENITO PRODUZIDO POR ELA E EXPLICANDO COM DETALHES A SUA FUN\u00c7\u00c3O NA INQUISI\u00c7\u00c3O.<\/p>\n\n\n\n<p>ENCONTROS COM SHAKESPEARE M\u00d3DULO II- CASA DA LEITURA FUND. BIBLIOTECA NACIONAL . 13 E 27 DE NOVEMBRO, de 15 \u00e0s 17 HORAS. &#8216;JULIO CESAR&#8217;, O PODER DA RET\u00d3RICA. Participa\u00e7\u00e3o de SAMILE CUNHA como: Elizabeth I, explicando vestu\u00e1rio da \u00e9poca, depois como Pr\u00f3spero, da pe\u00e7a &#8216;A Tempestade&#8217; e em novembro como Marco Ant\u00f4nio, em &#8216;J\u00falio C\u00e9sar&#8217;. Figurino e hist\u00f3ria.<\/p>\n\n\n\n<p>ACADEMIA  NACIONAL DE LETRAS E ARTE &#8211; palestra sobre &#8216;ALBERTO DINES, o Observador da Imprensa&#8217;. 18\/10\/2018, \u00e0s 16:30 horas.<\/p>\n\n\n\n<p>CCJF &#8211; participa\u00e7\u00e3o no Semin\u00e1rio sobre direitos Humanos, relacionados a sua pe\u00e7a ali em cartaz &#8216;Meus Duzentos Filhos&#8217;, a vida de Janusz Korczak, agosto de 2018.&nbsp;<\/p>\n\n\n\n<p>ACL &#8211; &#8216;LITERATURA E TEATRO&#8217; -PALESTRA DIA 09 DE ABRIL DE 2018.<\/p>\n\n\n\n<p>CASA DA LEITURA &#8211; FBN- &#8216;ENCONTROS COM SHAKESPEARE&#8217;, M\u00d3DULO I. MIRIAM HALFIM, DRAMATURGA E LISIA FILGUEIRAS, PSICANALISTA. TODA QUINTA, \u00c0S 15 HORAS, DE 8 DE MAR\u00c7O AT\u00c9 28 DE JUNHO DE 2018.<\/p>\n\n\n\n<p>CASA DE RUI BARBOSA &#8211; &#8216;PALAVRA POR PALAVRA&#8217; &#8211; DEPOIMENTO SOBRE &#8216;EUG\u00caNIA&#8217; E DEBATE. MIRIAM HALFIM, CEN\u00d3GRAFO JOS\u00c9 DIAS E FIGURINISTA SAMUEL ABRANTES. 5 DE JULHO: 15 hs.<\/p>\n\n\n\n<p>ACL &#8211; PALESTRA SOBRE &#8216;MARIA CLARA MACHADO, PE\u00c7AS, ENCENA\u00c7\u00d5ES, UM FAROL DO TEATRO&#8217;. 03\/04\/2017, 17:30 m.<\/p>\n\n\n\n<p>PROJETO LER 2a. EDI\u00c7\u00c3O. BIBLIOTECA PARQUE &#8211; PALESTRA SOBRE LITERATURA. NOV\/2017.<\/p>\n\n\n\n<p>CASA DA LEITURA FBN &#8211; OFICINA&nbsp;sobre SHAKESPEARE. 4 encontros. Maio\/junho\/2017.<\/p>\n\n\n\n<p>SAL\u00c3O DO LIVRO &#8211; LER &#8211; PIER MAU\u00c1. &nbsp;24\/11\/2016. BATE-PAPO SOBRE &#8216;MEM\u00d3RIAS DE UM SARGENTO DE MIL\u00cdCIAS&#8217;, DE MANUEL ANTONIO DE ALMEIDA<\/p>\n\n\n\n<p>U.B.E.&nbsp; RJ &#8211; A ARTE DE SER MULHER &#8211; 19\/11\/2016.<\/p>\n\n\n\n<p>INSTITUTO BRASILEIRO DE CULTURAS INTERNACIONAIS &#8211; HOMENAGEM a SHAKESPEARE &#8211; 1\u00ba de setembro\/2016.<\/p>\n\n\n\n<p>TV GLOBO, PROJAC &#8211; PALESTRA SOBRE A TEMPESTADE , abril\/2016.<\/p>\n\n\n\n<p>TEATRO SERRADOR &#8211; OFICINA&nbsp;sobre SHAKESPEARE. 21 e 22 de junho\/2016.<\/p>\n\n\n\n<p>WIZO &#8211; PALESTRA sobre SHAKESPEARE. &#8216;O MERCADOR DE VENEZA&#8217;. dia 4 de julho de 2016.<\/p>\n\n\n\n<p>ACL &#8211; OFICINA &#8216;E por falar em&nbsp;Shakespeare&#8217;; 4 aulas; 10, 17, 24 e 31 de mar\u00e7o 2016. 16:00 \u00e0s 17:30 h.<\/p>\n\n\n\n<p>ACL &#8211; OFICINA de dramaturgia &#8211; Doses de Drama &#8211; 10\/17\/24 e 31 de mar\u00e7o\/2015, \u00e0s 15:30 hs.<\/p>\n\n\n\n<p>SOCIEDADE AMIGOS DE E\u00c7A DE QUEIROZ &#8211; PALESTRA: E\u00c7A DE QUEIROZ E A VELHOTA QUE SE REPETE SEM CESSAR &#8211; abordando seu livro &#8216;Cartas de Inglaterra&#8217;.<\/p>\n\n\n\n<p>AMIGOS DO SABADOYLE &#8211; &#8216;CRIST\u00c3OS-NOVOS: 500 ANOS SERVINDO AO BRASIL&#8217;. 6\/4\/2013, \u00c0S 17 HORAS.<\/p>\n\n\n\n<p>CASA DO SABER &#8211; SEGUNDO CURSO SOBRE WILLIAM SHAKESPEARE; O homem por tr\u00e1s do bardo. Otelo, Antonio e Cle\u00f3patra e Rei Lear. 23\/08\/2012 a 13\/09\/2012, quinta-feira, \u00e0s 17 horas.<\/p>\n\n\n\n<p>ACADEMIA CARIOCA DE LETRAS &#8211; &#8216;O teatro Carioca de Martins Pena&#8217; palestra proferida em 5 de dezembro de 2011, com a participa\u00e7\u00e3o dos atores Guilherme Dell&#8217;&nbsp; Orto e camilla Molica lendo trechos do dramaturgo do s\u00e9culo XIX.<\/p>\n\n\n\n<p>NAAMAT PIONEIRAS &#8211; leitura e debate sobre minha pe\u00e7a &#8216;Ecos da Inquisi\u00e7\u00e3o&#8217;, colabora\u00e7\u00e3o do ator Paulo Giardini. Junho de 2011.<\/p>\n\n\n\n<p>BIBLIOTECA H. N. BIALIK \u2013 mediadora em mesa redonda sobre Antonio Jos\u00e9 da Silva, o Judeu.<\/p>\n\n\n\n<p>MUSEU JUDAICO \u2013 mesa redonda sobre vida e obra de Antonio Jos\u00e9 da Silva, o Judeu. Com Paulo Roberto Pereira, ensa\u00edsta, Luiz Paulo Horta, escritor e cr\u00edtico m\u00fasica cl\u00e1ssica, Cl\u00e1udio Murilo Leal, presidente do Pen Clube e Miriam Halfim. Vers\u00e3o para o ingl\u00eas do site do Museu Judaico do Rio de Janeiro. Vers\u00e3o para o ingl\u00eas e para o portugu\u00eas de cartas do capit\u00e3o franc\u00eas Dreyfus, constantes do acervo do Museu Judaico do Rio de Janeiro.<\/p>\n\n\n\n<p>MUSEU JUDAICO &#8211; jurada o concurso &#8216;Carta a um sobrevivente&#8217;, que implica em palestras de sobreviventes do Holocausto em escolas judaicas (e p\u00fablicas) e depois cartas dos alunos para os que sofreram o nazismo.<\/p>\n\n\n\n<p>CLUBE ISRAELITA BRASILEIRO \u2013 Exibi\u00e7\u00e3o e Debate do filme \u201cO Mercador de Veneza\u201d, de Shakespeare, seguido de debate com psiquiatra Dr. Sander Fridman e prof. Miriam Halfim<\/p>\n\n\n\n<p>PREFEITURA DO RIO &#8211; Jurada, pelas nove edi\u00e7\u00f5es que teve, do concurso de pe\u00e7as teatrais para alunos de escolas p\u00fablicas: TIRANDO A DROGA DE CENA.<\/p>\n\n\n\n<p>WIZO \u2013 Jurada de concurso de ensaio para alunos de curso de ensino m\u00e9dio de escolas p\u00fablicas estaduais e federais, sempre com tema que envolva progresso e a paz entre os homens.<\/p>\n\n\n\n<p>TRIBUNAL DE JUSTI\u00c7A &#8211; Projeto de teatro com atores serventu\u00e1rios, que encenaram, ap\u00f3s estudo e ensaios, a pe\u00e7a \u201cAgruras Conjugais\u201d, da autora, primeiro no audit\u00f3rio Des. Antonio Carlos Amorim, no interior do Pal\u00e1cio da Justi\u00e7a, depois no teatro Posto 6.<\/p>\n\n\n\n<p>GRUPO CHAI (ligado a ARI Associa\u00e7\u00e3o Religiosa Israelita) \u2013 palestras sobre: Bento Teixeira, (2008), Branca Dias, (2009) e Lendo Teatro (2010). CCMA \u2013 Jurada no concurso do Centro Cultural Mordechai Anilevitch, em seu terceiro ano, que homenageia o acad\u00eamico Moacyr Scliar.<\/p>\n\n\n\n<p>QUEM CONTA UM CONTO \u2013 jurada no Concurso de contos da Hebraica-Rio; atinge a comunidade em geral, e existe h\u00e1 26 anos.<\/p>\n\n\n\n<p>SINDICATO DO JUDICI\u00c1RIO \u2013 colabora\u00e7\u00e3o volunt\u00e1ria com texto do grupo de teatro do Sindicato.<\/p>\n\n\n\n<p>CASA DO SABER &#8211; curso sobre William Shakespeare &#8211; Homem do Renascimento &#8211; junho de 2010, ter\u00e7as-feiras, 17 horas.<\/p>\n\n\n\n<p>GRUPO CHAI DA ARI &#8211; palestra sobre William Shakespeare &#8211; 23 de novembro, 2010, 20 horas<\/p>\n\n\n\n<p>EDUCA\u00c7\u00c3O PARA PAZ &#8211; entrevista para diretora sobre Janusz Korczak, outubro\/2021, on-line.<\/p>\n\n\n\n<p><strong>CITA\u00c7\u00d5ES EM OBRAS E TRADU\u00c7\u00d5ES\/ADAPTA\u00c7\u00d5ES<\/strong><\/p>\n\n\n\n<p>ACADEMIA LUSO-BRASILEIRA DE LETRAS instituiu no concurso liter\u00e1rio de 2025 o &#8216;Pr\u00eamio de Teatro Miriam Halfim&#8217;, cujos pr\u00eamios foram entregues dia 8\/12\/20225.<\/p>\n\n\n\n<p>TEXTO PARA MARITA VINELLI em seu 98\u00ba anivers\u00e1rio.<\/p>\n\n\n\n<p>SUSANA FERNANDES &#8211; REVIS\u00c3O e corre\u00e7\u00e3o de sua disserta\u00e7\u00e3o de mestrado para UFRJ: &#8216;Branca Dias em Viriato Correa&#8217;, (2020).<\/p>\n\n\n\n<p>SEMIN\u00c1RIO HOLOCAUSTO e CONTEMPORANEIDADE &#8211; MIDRASH &#8211; 12\/04\/18. MEDIADORA SOBRE &#8216;ACOLHIMENTO E REFUGIADOS&#8217;.<\/p>\n\n\n\n<p>YENTL &#8211; Adapta\u00e7\u00e3o do texto para recital, com a soprano Tania Apelbaum Novak, dire\u00e7\u00e3o de Isaac Bernat. Apresenta\u00e7\u00e3o primeira no teatro de A Hebraica, dia 01\/12\/2012.<\/p>\n\n\n\n<p>EINSTEIN, RELATIVAMENTE FALANDO &#8211; tradu\u00e7\u00e3o para o portugu\u00eas, de pe\u00e7a original em ingl\u00eas, &#8216;Einstein speaks&#8217;, do americano David Bosboom. Nov\/2013<\/p>\n\n\n\n<p>Men\u00e7\u00e3o da obra da autora em &#8216;Pernambuco de Fern\u00e3o&#8217;, de Jacques Ribemboim.<\/p>\n\n\n\n<p>Texto apresenta\u00e7\u00e3o do livro com pe\u00e7a teatral de Luiz Fernando Guimar\u00e3es, &#8220;Os amores do velho Quitandeiro&#8221;.<\/p>\n\n\n\n<p>Texto apresenta\u00e7\u00e3o livro &#8217;90 anos de Berta Loran&#8217;.<\/p>\n\n\n\n<p>VER\u00cdSSIMO DE SOUZA, JOS\u00c9 \u2013 No palco, os quadrinhos: a influ\u00eancia do teatro judaico nos quadrinhos modernos. Disserta\u00e7\u00e3o de Mestrado. Univ. Federal do Rio Grande do Norte. 2012. Colabora\u00e7\u00e3o de Miriam Halfim na pesquisa do trabalho mestrando.<\/p>\n\n\n\n<p>REVISTA DA BIBLIOTECA NACIONAL \u2013 a revista publicou artigo sobre Bento Teixeira, mencionando a pe\u00e7a \u2018O L\u00edngua-Solta\u2019, da autora sobre o poeta, protagonizada por Isaac Bernat em julho\/set\/2009.<\/p>\n\n\n\n<p>NOAJ \u2013 Revista Liter\u00e1ria Eletr\u00f4nica\/Servi\u00e7o de Biblioteca e documenta\u00e7\u00e3o da FFLCH-USP. \u2018A escrita feminina no Brasil\u2019, da Dra. Regina Igel, que fala do trabalho liter\u00e1rio da autora deste curr\u00edculo.<\/p>\n\n\n\n<p>UDERMAN, HERTZ, Os Judeus no Desenvolvimento Brasileiro \u2013 o nome de Miriam Halfim consta na listagem de escritores selecionados pelo autor.<\/p>\n\n\n\n<p>RIBEMBOIM, JACQUES E JOS\u00c9 ALEXANDRE. Uma Olinda Judaica. (1537\/1631), Recife, Ed. Baga\u00e7o, 2011. Citam a obra de Miriam Halfim na Bibliografia, de onde tiraram excertos de seu livro Senhora de Engenho \u2013Entre a Cruz e a Tor\u00e1 para ilustrar o livro lan\u00e7ado.<\/p>\n\n\n\n<p>JOSU\u00c9 MONTELLO &#8211; cr\u00edtica sobre meu livro &#8216;O personagem judeu em Chaucer, Marlowe e Shakespeare&#8217;, revista MANCHETE, setembro de 1984.<\/p>\n\n\n\n<p>PAULO ROBERTO PEREIRA \u2013 men\u00e7\u00e3o de meu livro \u2018O L\u00edngua-Solta\u2019 em seu trabalho publicado na Revista do Instituto Hist\u00f3rico e Geogr\u00e1fico Brasileiro sobre Bento Teixeira: \u201cBento Teixeira, a Inquisi\u00e7\u00e3o e a Prosopop\u00e9ia\u201d, junho\/2024.<\/p>\n","protected":false},"excerpt":{"rendered":"<p>Miriam Halfim, brasileira, casada, advogada, dramaturga,&nbsp; MEMBRO TITULAR DA ACADEMIA CARIOCA DE LETRAS; S\u00f3cia Titular, membro do Pen Club do Brasil; Bolsista da Fulbright, pesquisa William Faulkner, Univ. Mississipi, USA; Gradua\u00e7\u00e3o e Mestrado em Literatura Inglesa &#8211; UFRJ; Direito pela UERJ,&nbsp; CAP &#8211; membro da Comiss\u00e3o de Aprova\u00e7\u00e3o de Projetos da Secretaria de Cultura do [&hellip;]<\/p>\n","protected":false},"author":1,"featured_media":0,"parent":0,"menu_order":0,"comment_status":"closed","ping_status":"closed","template":"","meta":{"footnotes":""},"class_list":["post-48","page","type-page","status-publish","hentry"],"_links":{"self":[{"href":"https:\/\/miriamhalfim.com.br\/blog\/wp-json\/wp\/v2\/pages\/48","targetHints":{"allow":["GET"]}}],"collection":[{"href":"https:\/\/miriamhalfim.com.br\/blog\/wp-json\/wp\/v2\/pages"}],"about":[{"href":"https:\/\/miriamhalfim.com.br\/blog\/wp-json\/wp\/v2\/types\/page"}],"author":[{"embeddable":true,"href":"https:\/\/miriamhalfim.com.br\/blog\/wp-json\/wp\/v2\/users\/1"}],"replies":[{"embeddable":true,"href":"https:\/\/miriamhalfim.com.br\/blog\/wp-json\/wp\/v2\/comments?post=48"}],"version-history":[{"count":20,"href":"https:\/\/miriamhalfim.com.br\/blog\/wp-json\/wp\/v2\/pages\/48\/revisions"}],"predecessor-version":[{"id":184,"href":"https:\/\/miriamhalfim.com.br\/blog\/wp-json\/wp\/v2\/pages\/48\/revisions\/184"}],"wp:attachment":[{"href":"https:\/\/miriamhalfim.com.br\/blog\/wp-json\/wp\/v2\/media?parent=48"}],"curies":[{"name":"wp","href":"https:\/\/api.w.org\/{rel}","templated":true}]}}